{"id":1058,"date":"2024-08-09T09:25:49","date_gmt":"2024-08-09T06:25:49","guid":{"rendered":"https:\/\/upglobal.net\/?page_id=1058"},"modified":"2026-04-09T08:38:03","modified_gmt":"2026-04-09T05:38:03","slug":"ranska","status":"publish","type":"page","link":"https:\/\/upglobal.net\/fi\/ranska\/","title":{"rendered":"Ranska"},"content":{"rendered":"\t\t<div data-elementor-type=\"wp-page\" data-elementor-id=\"1058\" class=\"elementor elementor-1058\" data-elementor-settings=\"{&quot;element_pack_global_tooltip_width&quot;:{&quot;unit&quot;:&quot;px&quot;,&quot;size&quot;:&quot;&quot;,&quot;sizes&quot;:[]},&quot;element_pack_global_tooltip_width_tablet&quot;:{&quot;unit&quot;:&quot;px&quot;,&quot;size&quot;:&quot;&quot;,&quot;sizes&quot;:[]},&quot;element_pack_global_tooltip_width_mobile&quot;:{&quot;unit&quot;:&quot;px&quot;,&quot;size&quot;:&quot;&quot;,&quot;sizes&quot;:[]},&quot;element_pack_global_tooltip_padding&quot;:{&quot;unit&quot;:&quot;px&quot;,&quot;top&quot;:&quot;&quot;,&quot;right&quot;:&quot;&quot;,&quot;bottom&quot;:&quot;&quot;,&quot;left&quot;:&quot;&quot;,&quot;isLinked&quot;:true},&quot;element_pack_global_tooltip_padding_tablet&quot;:{&quot;unit&quot;:&quot;px&quot;,&quot;top&quot;:&quot;&quot;,&quot;right&quot;:&quot;&quot;,&quot;bottom&quot;:&quot;&quot;,&quot;left&quot;:&quot;&quot;,&quot;isLinked&quot;:true},&quot;element_pack_global_tooltip_padding_mobile&quot;:{&quot;unit&quot;:&quot;px&quot;,&quot;top&quot;:&quot;&quot;,&quot;right&quot;:&quot;&quot;,&quot;bottom&quot;:&quot;&quot;,&quot;left&quot;:&quot;&quot;,&quot;isLinked&quot;:true},&quot;element_pack_global_tooltip_border_radius&quot;:{&quot;unit&quot;:&quot;px&quot;,&quot;top&quot;:&quot;&quot;,&quot;right&quot;:&quot;&quot;,&quot;bottom&quot;:&quot;&quot;,&quot;left&quot;:&quot;&quot;,&quot;isLinked&quot;:true},&quot;element_pack_global_tooltip_border_radius_tablet&quot;:{&quot;unit&quot;:&quot;px&quot;,&quot;top&quot;:&quot;&quot;,&quot;right&quot;:&quot;&quot;,&quot;bottom&quot;:&quot;&quot;,&quot;left&quot;:&quot;&quot;,&quot;isLinked&quot;:true},&quot;element_pack_global_tooltip_border_radius_mobile&quot;:{&quot;unit&quot;:&quot;px&quot;,&quot;top&quot;:&quot;&quot;,&quot;right&quot;:&quot;&quot;,&quot;bottom&quot;:&quot;&quot;,&quot;left&quot;:&quot;&quot;,&quot;isLinked&quot;:true}}\" data-elementor-post-type=\"page\">\n\t\t\t\t<div class=\"elementor-element elementor-element-487ee4c3 e-con-full e-flex e-con e-parent\" data-id=\"487ee4c3\" data-element_type=\"container\" data-settings=\"{&quot;background_background&quot;:&quot;classic&quot;}\">\n\t\t<div class=\"elementor-element elementor-element-7489694a e-flex e-con-boxed e-con e-child\" data-id=\"7489694a\" data-element_type=\"container\">\n\t\t\t\t\t<div class=\"e-con-inner\">\n\t\t\t\t<div class=\"elementor-element elementor-element-12699a0b elementor-widget elementor-widget-text-editor\" data-id=\"12699a0b\" data-element_type=\"widget\" data-widget_type=\"text-editor.default\">\n\t\t\t\t<div class=\"elementor-widget-container\">\n\t\t\t\t\t\t\t\t\t<h1>Vaihto-oppilaaksi is\u00e4nt\u00e4perheeseen<\/h1><h1><span style=\"color: #6c62e1;\">Ranskaan<\/span><\/h1>\t\t\t\t\t\t\t\t<\/div>\n\t\t\t\t<\/div>\n\t\t\t\t<div class=\"elementor-element elementor-element-9303764 elementor-widget elementor-widget-text-editor\" data-id=\"9303764\" data-element_type=\"widget\" data-widget_type=\"text-editor.default\">\n\t\t\t\t<div class=\"elementor-widget-container\">\n\t\t\t\t\t\t\t\t\t<p>Viet\u00e4 vaihto-oppilasvuosi\u00a0upeassa Ranskassa ja kehit\u00e4 kielitaitoasi kavereiden kanssa l\u00e4hikahvilassa rupatellen! Pieni\u00e4 kyli\u00e4, Alpit, rantoja, maaseutua ja isoja el\u00e4m\u00e4\u00e4 sek\u00e4 kulttuuria pursuavia kaupunkeja \u2013 n\u00e4it\u00e4 kaikkea l\u00f6ytyy isosta Ranskasta.<\/p>\t\t\t\t\t\t\t\t<\/div>\n\t\t\t\t<\/div>\n\t\t\t\t\t<\/div>\n\t\t\t\t<\/div>\n\t\t\t\t<\/div>\n\t\t<div class=\"elementor-element elementor-element-5aa21443 e-flex e-con-boxed e-con e-parent\" data-id=\"5aa21443\" data-element_type=\"container\">\n\t\t\t\t\t<div class=\"e-con-inner\">\n\t\t<div class=\"elementor-element elementor-element-367dde8 e-flex e-con-boxed e-con e-child\" data-id=\"367dde8\" data-element_type=\"container\" data-settings=\"{&quot;background_background&quot;:&quot;classic&quot;}\">\n\t\t\t\t\t<div class=\"e-con-inner\">\n\t\t\t\t\t<\/div>\n\t\t\t\t<\/div>\n\t\t\t\t\t<\/div>\n\t\t\t\t<\/div>\n\t\t<div class=\"elementor-element elementor-element-138d154 e-con-full e-flex e-con e-parent\" data-id=\"138d154\" data-element_type=\"container\" data-settings=\"{&quot;background_background&quot;:&quot;classic&quot;}\">\n\t\t<div class=\"elementor-element elementor-element-194ff1e5 e-flex e-con-boxed e-con e-child\" data-id=\"194ff1e5\" data-element_type=\"container\">\n\t\t\t\t\t<div class=\"e-con-inner\">\n\t\t<div class=\"elementor-element elementor-element-543a0e66 e-con-full e-flex e-con e-child\" data-id=\"543a0e66\" data-element_type=\"container\">\n\t\t\t\t<div class=\"elementor-element elementor-element-4bda59f5 elementor-widget elementor-widget-text-editor\" data-id=\"4bda59f5\" data-element_type=\"widget\" data-widget_type=\"text-editor.default\">\n\t\t\t\t<div class=\"elementor-widget-container\">\n\t\t\t\t\t\t\t\t\t<h2>Perhe-el\u00e4m\u00e4 ja <span style=\"color: #6c62e1;\">koti<\/span><\/h2>\t\t\t\t\t\t\t\t<\/div>\n\t\t\t\t<\/div>\n\t\t\t\t<\/div>\n\t\t<div class=\"elementor-element elementor-element-7fcdd188 e-con-full e-flex e-con e-child\" data-id=\"7fcdd188\" data-element_type=\"container\">\n\t\t\t\t<div class=\"elementor-element elementor-element-8a87405 elementor-widget elementor-widget-text-editor\" data-id=\"8a87405\" data-element_type=\"widget\" data-widget_type=\"text-editor.default\">\n\t\t\t\t<div class=\"elementor-widget-container\">\n\t\t\t\t\t\t\t\t\t<p>Vaihto-oppilasvuoden aikana opit ranskalaisen el\u00e4m\u00e4ntavan ja kulttuurin asumalla paikallisessa is\u00e4nt\u00e4perheess\u00e4. Vapaaehtoinen is\u00e4nt\u00e4perheesi auttaa ja opastaa sinua arjen keskell\u00e4, ja heid\u00e4n tapojaan seuraamalla opit pian maan tavoille. Perhekeskeinen el\u00e4m\u00e4ntyyli on tyypillist\u00e4 ranskalaisille, joten sinua odottaa yhteiset k\u00e4velylenkit, peli-illat, illalliset ja piknikit is\u00e4nt\u00e4perheen kanssa.<\/p><p>Ranskalainen ruokakulttuuri on paikallisille t\u00e4rke\u00e4 \u2013 onhan Ranska yksi maailman kulinaristisin kohde. Illalliset is\u00e4nt\u00e4perheesi kanssa kest\u00e4v\u00e4t todenn\u00e4k\u00f6isesti pidemp\u00e4\u00e4n kuin mihin olet Suomessa tottunut. Toisinaan tarjolla voi olla useita ruokalajeja, ja samalla keskustellaan my\u00f6s p\u00e4iv\u00e4n tapahtumista \u2013 ranskan kielell\u00e4 totta kai! Milt\u00e4 kuulosta, Coq au Vin, Ratatouille<\/p>\t\t\t\t\t\t\t\t<\/div>\n\t\t\t\t<\/div>\n\t\t\t\t<\/div>\n\t\t\t\t\t<\/div>\n\t\t\t\t<\/div>\n\t\t\t\t<\/div>\n\t\t<div class=\"elementor-element elementor-element-63f206e e-con-full e-flex e-con e-parent\" data-id=\"63f206e\" data-element_type=\"container\" data-settings=\"{&quot;background_background&quot;:&quot;classic&quot;}\">\n\t\t<div class=\"elementor-element elementor-element-e50f748 e-flex e-con-boxed e-con e-child\" data-id=\"e50f748\" data-element_type=\"container\">\n\t\t\t\t\t<div class=\"e-con-inner\">\n\t\t<div class=\"elementor-element elementor-element-9ed04c3 e-con-full e-flex e-con e-child\" data-id=\"9ed04c3\" data-element_type=\"container\">\n\t\t\t\t<div class=\"elementor-element elementor-element-2b1140a elementor-widget elementor-widget-text-editor\" data-id=\"2b1140a\" data-element_type=\"widget\" data-widget_type=\"text-editor.default\">\n\t\t\t\t<div class=\"elementor-widget-container\">\n\t\t\t\t\t\t\t\t\t<h2>Koulunk\u00e4ynti <span style=\"color: #6c62e1;\">Ranskassa<\/span><\/h2>\t\t\t\t\t\t\t\t<\/div>\n\t\t\t\t<\/div>\n\t\t\t\t<\/div>\n\t\t<div class=\"elementor-element elementor-element-9105d84 e-con-full e-flex e-con e-child\" data-id=\"9105d84\" data-element_type=\"container\">\n\t\t\t\t<div class=\"elementor-element elementor-element-e80244a elementor-widget elementor-widget-text-editor\" data-id=\"e80244a\" data-element_type=\"widget\" data-widget_type=\"text-editor.default\">\n\t\t\t\t<div class=\"elementor-widget-container\">\n\t\t\t\t\t\t\t\t\t<p>Kuten Suomessa, yl\u00e4koulun j\u00e4lkeen nuoret valitsevat joko lukion tai ammatillisen koulun. Ranskassa lukio (lyc\u00e9e) kest\u00e4\u00e4 kolme vuotta, mutta vain ensimm\u00e4inen vuosi on kaikille oppilaille yhteinen. T\u00e4m\u00e4n j\u00e4lkeen oppilaiden on valittava tietty suuntautumisvaihtoehto (yleinen tai tekninen), ja n\u00e4in ollen he valitsevat my\u00f6s mink\u00e4 ylioppilastutkinnon suorittavat.<\/p><p>Koulusi tulee olemaan tapauskohtaisesti joko coll\u00e8ge tai lyc\u00e9e, ja koulu sijoittaa sinut opintolinjalle, joka vastaa parhaiten ik\u00e4\u00e4si, opintotaustaasi ja kielitaitoasi. Paikallisten tavoin opiskelet niin pakollisia kuin valinnaisiakin oppiaineita. Kaikki opetus on ranskan kielell\u00e4. Koulup\u00e4iv\u00e4 kest\u00e4\u00e4 yleens\u00e4 klo 8:30\u201317:00, sill\u00e4 lounastauko on tyypillisesti parin tunnin mittainen. Lukuvuosi alkaa syyskuun alussa ja p\u00e4\u00e4ttyy kes\u00e4kuun lopussa tai hein\u00e4kuun alussa.<\/p><p>Ranskalaiset koulut tarjoavat harvoin koulunk\u00e4ynnin ulkopuolista harrastustoimintaa. Paikallisten nuorten tapaan, voit kuitenkin harrastaa koulun ulkopuolisissa klubeissa, kerhoissa ja joukkueissa kuten Suomessakin.<\/p>\t\t\t\t\t\t\t\t<\/div>\n\t\t\t\t<\/div>\n\t\t\t\t<\/div>\n\t\t\t\t\t<\/div>\n\t\t\t\t<\/div>\n\t\t\t\t<\/div>\n\t\t<div class=\"elementor-element elementor-element-78840ce3 e-con-full e-flex e-con e-parent\" data-id=\"78840ce3\" data-element_type=\"container\" data-settings=\"{&quot;background_background&quot;:&quot;classic&quot;}\">\n\t\t<div class=\"elementor-element elementor-element-173e6991 e-flex e-con-boxed e-con e-child\" data-id=\"173e6991\" data-element_type=\"container\">\n\t\t\t\t\t<div class=\"e-con-inner\">\n\t\t<div class=\"elementor-element elementor-element-5866a8b7 e-con-full e-flex e-con e-child\" data-id=\"5866a8b7\" data-element_type=\"container\" data-settings=\"{&quot;background_background&quot;:&quot;classic&quot;}\">\n\t\t\t\t<div class=\"elementor-element elementor-element-241658f7 elementor-absolute elementor-widget elementor-widget-image\" data-id=\"241658f7\" data-element_type=\"widget\" data-settings=\"{&quot;_position&quot;:&quot;absolute&quot;}\" data-widget_type=\"image.default\">\n\t\t\t\t<div class=\"elementor-widget-container\">\n\t\t\t\t\t\t\t\t\t\t\t\t\t\t\t<img decoding=\"async\" src=\"https:\/\/upglobal.net\/wp-content\/uploads\/elementor\/thumbs\/UP_Label_RGB_UP_Global_Ruusuke_Minttu-r3yxqkcb0jgw130ydzruti82pjhhfjwksb6vc8qzhe.png\" title=\"UP_Label_RGB_UP_Global_Ruusuke_Minttu\" alt=\"UP_Label_RGB_UP_Global_Ruusuke_Minttu\" loading=\"lazy\" \/>\t\t\t\t\t\t\t\t\t\t\t\t\t\t\t<\/div>\n\t\t\t\t<\/div>\n\t\t\t\t<\/div>\n\t\t<div class=\"elementor-element elementor-element-579142ff e-con-full e-flex e-con e-child\" data-id=\"579142ff\" data-element_type=\"container\">\n\t\t\t\t<div class=\"elementor-element elementor-element-ddb85ef elementor-widget elementor-widget-text-editor\" data-id=\"ddb85ef\" data-element_type=\"widget\" data-widget_type=\"text-editor.default\">\n\t\t\t\t<div class=\"elementor-widget-container\">\n\t\t\t\t\t\t\t\t\t<h2 style=\"color: #fffaeb;\">Orientaatio <span style=\"color: #6c62e1;\">Lyonissa<\/span><\/h2>\t\t\t\t\t\t\t\t<\/div>\n\t\t\t\t<\/div>\n\t\t\t\t<div class=\"elementor-element elementor-element-5319e307 elementor-widget elementor-widget-text-editor\" data-id=\"5319e307\" data-element_type=\"widget\" data-widget_type=\"text-editor.default\">\n\t\t\t\t<div class=\"elementor-widget-container\">\n\t\t\t\t\t\t\t\t\t<p><a href=\"https:\/\/upglobal.net\/vaihto-oppilasvuosi-isantaperheessa-nain-kaikki-toimii\/\">Vaihto-oppilaskokemus<\/a> alkaa Lyonissa j\u00e4rjestett\u00e4v\u00e4ll\u00e4 kolmen p\u00e4iv\u00e4n orientaatiolla, jossa p\u00e4\u00e4set tutustumaan t\u00e4h\u00e4n kauniiseen suurkaupunkiin sek\u00e4 tietenkin muihin Ranskaan saapuviin vaihto-oppilaisiin. Orientaatio j\u00e4rjestet\u00e4\u00e4n syksyll\u00e4 vaihtoon l\u00e4hteville ja sen j\u00e4lkeen matkustetaan tulevan is\u00e4nt\u00e4perheen luokse.<\/p>\t\t\t\t\t\t\t\t<\/div>\n\t\t\t\t<\/div>\n\t\t\t\t<\/div>\n\t\t\t\t\t<\/div>\n\t\t\t\t<\/div>\n\t\t\t\t<\/div>\n\t\t<div class=\"elementor-element elementor-element-7c8e7abd e-con-full e-flex e-con e-parent\" data-id=\"7c8e7abd\" data-element_type=\"container\" data-settings=\"{&quot;background_background&quot;:&quot;classic&quot;}\">\n\t\t<div class=\"elementor-element elementor-element-49aef8b3 e-flex e-con-boxed e-con e-child\" data-id=\"49aef8b3\" data-element_type=\"container\">\n\t\t\t\t\t<div class=\"e-con-inner\">\n\t\t<div class=\"elementor-element elementor-element-368f598 e-con-full e-flex e-con e-child\" data-id=\"368f598\" data-element_type=\"container\" data-settings=\"{&quot;background_background&quot;:&quot;classic&quot;}\">\n\t\t\t\t<div class=\"elementor-element elementor-element-a5cb8fb elementor-absolute elementor-widget elementor-widget-image\" data-id=\"a5cb8fb\" data-element_type=\"widget\" data-settings=\"{&quot;_position&quot;:&quot;absolute&quot;}\" data-widget_type=\"image.default\">\n\t\t\t\t<div class=\"elementor-widget-container\">\n\t\t\t\t\t\t\t\t\t\t\t\t\t\t\t<img decoding=\"async\" src=\"https:\/\/upglobal.net\/wp-content\/uploads\/elementor\/thumbs\/UP_Label_RGB_UP_Global_Ruusuke_Minttu-r3yxqkcb0jgw130ydzruti82pjhhfjwksb6vc8qzhe.png\" title=\"UP_Label_RGB_UP_Global_Ruusuke_Minttu\" alt=\"UP_Label_RGB_UP_Global_Ruusuke_Minttu\" loading=\"lazy\" \/>\t\t\t\t\t\t\t\t\t\t\t\t\t\t\t<\/div>\n\t\t\t\t<\/div>\n\t\t\t\t<\/div>\n\t\t<div class=\"elementor-element elementor-element-612c82b e-con-full e-flex e-con e-child\" data-id=\"612c82b\" data-element_type=\"container\">\n\t\t\t\t<div class=\"elementor-element elementor-element-0f5db0e elementor-widget elementor-widget-heading\" data-id=\"0f5db0e\" data-element_type=\"widget\" data-widget_type=\"heading.default\">\n\t\t\t\t<div class=\"elementor-widget-container\">\n\t\t\t\t\t<h2 class=\"elementor-heading-title elementor-size-default\">Ik\u00e4raja ja kielivaatimus<\/h2>\t\t\t\t<\/div>\n\t\t\t\t<\/div>\n\t\t\t\t<div class=\"elementor-element elementor-element-fa7e826 elementor-widget elementor-widget-text-editor\" data-id=\"fa7e826\" data-element_type=\"widget\" data-widget_type=\"text-editor.default\">\n\t\t\t\t<div class=\"elementor-widget-container\">\n\t\t\t\t\t\t\t\t\t<p>Kaudelle 2027\u20132028 voivat hakea aikav\u00e4lill\u00e4 1.8.2009\u20131.8.2012 syntyneet nuoret.<\/p><p>Voit hakea vaihto-oppilaaksi heti peruskoulun j\u00e4lkeen tai kesken lukion tai ammattikoulun. Ranskaa tulee olla opiskeltu v\u00e4hint\u00e4\u00e4n kahtena vuotena ennen vaihtoon l\u00e4ht\u00f6\u00e4 (taso A2).<\/p>\t\t\t\t\t\t\t\t<\/div>\n\t\t\t\t<\/div>\n\t\t\t\t<div class=\"elementor-element elementor-element-1d6c1f6 elementor-widget elementor-widget-heading\" data-id=\"1d6c1f6\" data-element_type=\"widget\" data-widget_type=\"heading.default\">\n\t\t\t\t<div class=\"elementor-widget-container\">\n\t\t\t\t\t<h2 class=\"elementor-heading-title elementor-size-default\">Hakuaika<\/h2>\t\t\t\t<\/div>\n\t\t\t\t<\/div>\n\t\t\t\t<div class=\"elementor-element elementor-element-0e97990 elementor-widget elementor-widget-text-editor\" data-id=\"0e97990\" data-element_type=\"widget\" data-widget_type=\"text-editor.default\">\n\t\t\t\t<div class=\"elementor-widget-container\">\n\t\t\t\t\t\t\t\t\t<p>Paikkoja on rajoitettu m\u00e4\u00e4r\u00e4 ja ne t\u00e4ytet\u00e4\u00e4n hakuj\u00e4rjestyksess\u00e4. Ole siis rohkeasti yhteydess\u00e4, niin varmistetaan paikka ohjelmassa my\u00f6s sinulle!<\/p>\t\t\t\t\t\t\t\t<\/div>\n\t\t\t\t<\/div>\n\t\t\t\t<\/div>\n\t\t\t\t\t<\/div>\n\t\t\t\t<\/div>\n\t\t\t\t<\/div>\n\t\t<div class=\"elementor-element elementor-element-4fc2ce8 e-flex e-con-boxed e-con e-parent\" data-id=\"4fc2ce8\" data-element_type=\"container\">\n\t\t\t\t\t<div class=\"e-con-inner\">\n\t\t<div class=\"elementor-element elementor-element-6e97399 e-con-full e-flex e-con e-child\" data-id=\"6e97399\" data-element_type=\"container\">\n\t\t<div class=\"elementor-element elementor-element-6f2111e e-con-full e-flex e-con e-child\" data-id=\"6f2111e\" data-element_type=\"container\">\n\t\t\t\t<div class=\"elementor-element elementor-element-d2e6dba elementor-widget elementor-widget-text-editor\" data-id=\"d2e6dba\" data-element_type=\"widget\" data-widget_type=\"text-editor.default\">\n\t\t\t\t<div class=\"elementor-widget-container\">\n\t\t\t\t\t\t\t\t\t<h2>Ohjelman hinta ja sis\u00e4lt\u00f6 <span style=\"color: #6c62e1;\">2027\u20132028<\/span><\/h2>\t\t\t\t\t\t\t\t<\/div>\n\t\t\t\t<\/div>\n\t\t\t\t<\/div>\n\t\t<div class=\"elementor-element elementor-element-e4b9211 e-con-full e-flex e-con e-child\" data-id=\"e4b9211\" data-element_type=\"container\">\n\t\t\t\t<div class=\"elementor-element elementor-element-1995 elementor-widget elementor-widget-global elementor-global-1995 elementor-widget-text-editor\" data-id=\"1995\" data-element_type=\"widget\" data-widget_type=\"text-editor.default\">\n\t\t\t\t<div class=\"elementor-widget-container\">\n\t\t\t\t\t\t\t\t\t<p>Paikkoja lukuvuodelle 2027\u20132028 on rajoitetusti ja ne t\u00e4ytet\u00e4\u00e4n hakuj\u00e4rjestyksess\u00e4. Jos olet kiinnostunut vaihto-oppilaskokemuksesta Ranskassa, ole meihin yhteydess\u00e4.<\/p>\t\t\t\t\t\t\t\t<\/div>\n\t\t\t\t<\/div>\n\t\t\t\t<\/div>\n\t\t\t\t<\/div>\n\t\t\t\t\t<\/div>\n\t\t\t\t<\/div>\n\t\t<div class=\"elementor-element elementor-element-31ba16e2 e-flex e-con-boxed e-con e-parent\" data-id=\"31ba16e2\" data-element_type=\"container\">\n\t\t\t\t\t<div class=\"e-con-inner\">\n\t\t<div class=\"elementor-element elementor-element-d7a511f e-flex e-con-boxed e-con e-child\" data-id=\"d7a511f\" data-element_type=\"container\" data-settings=\"{&quot;background_background&quot;:&quot;classic&quot;}\">\n\t\t\t\t\t<div class=\"e-con-inner\">\n\t\t\t\t\t<\/div>\n\t\t\t\t<\/div>\n\t\t\t\t\t<\/div>\n\t\t\t\t<\/div>\n\t\t\t\t<\/div>\n\t\t","protected":false},"excerpt":{"rendered":"<p>Vaihto-oppilaaksi is\u00e4nt\u00e4perheeseen Ranskaan Viet\u00e4 vaihto-oppilasvuosi\u00a0upeassa Ranskassa ja kehit\u00e4 kielitaitoasi kavereiden kanssa l\u00e4hikahvilassa rupatellen! Pieni\u00e4 kyli\u00e4, Alpit, rantoja, maaseutua ja isoja el\u00e4m\u00e4\u00e4 sek\u00e4 kulttuuria pursuavia kaupunkeja \u2013 n\u00e4it\u00e4 kaikkea l\u00f6ytyy isosta Ranskasta. Perhe-el\u00e4m\u00e4 ja koti Vaihto-oppilasvuoden aikana opit ranskalaisen el\u00e4m\u00e4ntavan ja kulttuurin asumalla paikallisessa is\u00e4nt\u00e4perheess\u00e4. Vapaaehtoinen is\u00e4nt\u00e4perheesi auttaa ja opastaa sinua arjen keskell\u00e4, ja heid\u00e4n tapojaan [&hellip;]<\/p>\n","protected":false},"author":2,"featured_media":1409,"parent":0,"menu_order":0,"comment_status":"closed","ping_status":"closed","template":"","meta":{"footnotes":""},"categories":[],"tags":[29,18],"class_list":["post-1058","page","type-page","status-publish","has-post-thumbnail","hentry","tag-kohdemaa_hero","tag-ranska"],"yoast_head":"<!-- This site is optimized with the Yoast SEO plugin v26.8 - https:\/\/yoast.com\/product\/yoast-seo-wordpress\/ -->\n<title>Vaihto-oppilasvuosi Ranskassa - UP Global<\/title>\n<meta name=\"description\" content=\"Viet\u00e4 unelmien vaihto-oppilasvuosi upeassa Ranskassa! Kulttuurin, historian ja muodin kehto on yksi Euroopan vetovoimaisimmista keskuksista.\" \/>\n<meta name=\"robots\" content=\"index, follow, max-snippet:-1, max-image-preview:large, max-video-preview:-1\" \/>\n<link rel=\"canonical\" href=\"https:\/\/upglobal.net\/fi\/ranska\/\" \/>\n<meta property=\"og:locale\" content=\"fi_FI\" \/>\n<meta property=\"og:type\" content=\"article\" \/>\n<meta property=\"og:title\" content=\"Vaihto-oppilasvuosi Ranskassa - UP Global\" \/>\n<meta property=\"og:description\" content=\"Viet\u00e4 unelmien vaihto-oppilasvuosi upeassa Ranskassa! Kulttuurin, historian ja muodin kehto on yksi Euroopan vetovoimaisimmista keskuksista.\" \/>\n<meta property=\"og:url\" content=\"https:\/\/upglobal.net\/fi\/ranska\/\" \/>\n<meta property=\"og:site_name\" content=\"UP Global\" \/>\n<meta property=\"article:modified_time\" content=\"2026-04-09T05:38:03+00:00\" \/>\n<meta property=\"og:image\" content=\"https:\/\/upglobal.net\/wp-content\/uploads\/2024\/08\/vaihtooppilaaksi_ranska.jpg\" \/>\n\t<meta property=\"og:image:width\" content=\"1200\" \/>\n\t<meta property=\"og:image:height\" content=\"800\" \/>\n\t<meta property=\"og:image:type\" content=\"image\/webp\" \/>\n<meta name=\"twitter:card\" content=\"summary_large_image\" \/>\n<meta name=\"twitter:label1\" content=\"Arvioitu lukuaika\" \/>\n\t<meta name=\"twitter:data1\" content=\"3 minuuttia\" \/>\n<script type=\"application\/ld+json\" class=\"yoast-schema-graph\">{\"@context\":\"https:\/\/schema.org\",\"@graph\":[{\"@type\":\"WebPage\",\"@id\":\"https:\/\/upglobal.net\/ranska\/\",\"url\":\"https:\/\/upglobal.net\/ranska\/\",\"name\":\"Vaihto-oppilasvuosi Ranskassa - UP Global\",\"isPartOf\":{\"@id\":\"https:\/\/upglobal.net\/fi\/#website\"},\"primaryImageOfPage\":{\"@id\":\"https:\/\/upglobal.net\/ranska\/#primaryimage\"},\"image\":{\"@id\":\"https:\/\/upglobal.net\/ranska\/#primaryimage\"},\"thumbnailUrl\":\"https:\/\/upglobal.net\/wp-content\/uploads\/2024\/08\/vaihtooppilaaksi_ranska.jpg\",\"datePublished\":\"2024-08-09T06:25:49+00:00\",\"dateModified\":\"2026-04-09T05:38:03+00:00\",\"description\":\"Viet\u00e4 unelmien vaihto-oppilasvuosi upeassa Ranskassa! Kulttuurin, historian ja muodin kehto on yksi Euroopan vetovoimaisimmista keskuksista.\",\"breadcrumb\":{\"@id\":\"https:\/\/upglobal.net\/ranska\/#breadcrumb\"},\"inLanguage\":\"fi\",\"potentialAction\":[{\"@type\":\"ReadAction\",\"target\":[\"https:\/\/upglobal.net\/ranska\/\"]}]},{\"@type\":\"ImageObject\",\"inLanguage\":\"fi\",\"@id\":\"https:\/\/upglobal.net\/ranska\/#primaryimage\",\"url\":\"https:\/\/upglobal.net\/wp-content\/uploads\/2024\/08\/vaihtooppilaaksi_ranska.jpg\",\"contentUrl\":\"https:\/\/upglobal.net\/wp-content\/uploads\/2024\/08\/vaihtooppilaaksi_ranska.jpg\",\"width\":1200,\"height\":800},{\"@type\":\"BreadcrumbList\",\"@id\":\"https:\/\/upglobal.net\/ranska\/#breadcrumb\",\"itemListElement\":[{\"@type\":\"ListItem\",\"position\":1,\"name\":\"Home\",\"item\":\"https:\/\/upglobal.net\/\"},{\"@type\":\"ListItem\",\"position\":2,\"name\":\"Ranska\"}]},{\"@type\":\"WebSite\",\"@id\":\"https:\/\/upglobal.net\/fi\/#website\",\"url\":\"https:\/\/upglobal.net\/fi\/\",\"name\":\"UP Global\",\"description\":\"\",\"publisher\":{\"@id\":\"https:\/\/upglobal.net\/fi\/#organization\"},\"potentialAction\":[{\"@type\":\"SearchAction\",\"target\":{\"@type\":\"EntryPoint\",\"urlTemplate\":\"https:\/\/upglobal.net\/fi\/?s={search_term_string}\"},\"query-input\":{\"@type\":\"PropertyValueSpecification\",\"valueRequired\":true,\"valueName\":\"search_term_string\"}}],\"inLanguage\":\"fi\"},{\"@type\":\"Organization\",\"@id\":\"https:\/\/upglobal.net\/fi\/#organization\",\"name\":\"UP Global\",\"url\":\"https:\/\/upglobal.net\/fi\/\",\"logo\":{\"@type\":\"ImageObject\",\"inLanguage\":\"fi\",\"@id\":\"https:\/\/upglobal.net\/fi\/#\/schema\/logo\/image\/\",\"url\":\"https:\/\/upglobal.net\/wp-content\/uploads\/2024\/03\/UP_logo_RGB_01_sinharmaa.svg\",\"contentUrl\":\"https:\/\/upglobal.net\/wp-content\/uploads\/2024\/03\/UP_logo_RGB_01_sinharmaa.svg\",\"caption\":\"UP Global\"},\"image\":{\"@id\":\"https:\/\/upglobal.net\/fi\/#\/schema\/logo\/image\/\"}}]}<\/script>\n<!-- \/ Yoast SEO plugin. -->","yoast_head_json":{"title":"Vaihto-oppilasvuosi Ranskassa - UP Global","description":"Viet\u00e4 unelmien vaihto-oppilasvuosi upeassa Ranskassa! Kulttuurin, historian ja muodin kehto on yksi Euroopan vetovoimaisimmista keskuksista.","robots":{"index":"index","follow":"follow","max-snippet":"max-snippet:-1","max-image-preview":"max-image-preview:large","max-video-preview":"max-video-preview:-1"},"canonical":"https:\/\/upglobal.net\/fi\/ranska\/","og_locale":"fi_FI","og_type":"article","og_title":"Vaihto-oppilasvuosi Ranskassa - UP Global","og_description":"Viet\u00e4 unelmien vaihto-oppilasvuosi upeassa Ranskassa! Kulttuurin, historian ja muodin kehto on yksi Euroopan vetovoimaisimmista keskuksista.","og_url":"https:\/\/upglobal.net\/fi\/ranska\/","og_site_name":"UP Global","article_modified_time":"2026-04-09T05:38:03+00:00","og_image":[{"width":1200,"height":800,"url":"https:\/\/upglobal.net\/wp-content\/uploads\/2024\/08\/vaihtooppilaaksi_ranska.jpg","type":"image\/webp"}],"twitter_card":"summary_large_image","twitter_misc":{"Arvioitu lukuaika":"3 minuuttia"},"schema":{"@context":"https:\/\/schema.org","@graph":[{"@type":"WebPage","@id":"https:\/\/upglobal.net\/ranska\/","url":"https:\/\/upglobal.net\/ranska\/","name":"Vaihto-oppilasvuosi Ranskassa - UP Global","isPartOf":{"@id":"https:\/\/upglobal.net\/fi\/#website"},"primaryImageOfPage":{"@id":"https:\/\/upglobal.net\/ranska\/#primaryimage"},"image":{"@id":"https:\/\/upglobal.net\/ranska\/#primaryimage"},"thumbnailUrl":"https:\/\/upglobal.net\/wp-content\/uploads\/2024\/08\/vaihtooppilaaksi_ranska.jpg","datePublished":"2024-08-09T06:25:49+00:00","dateModified":"2026-04-09T05:38:03+00:00","description":"Viet\u00e4 unelmien vaihto-oppilasvuosi upeassa Ranskassa! Kulttuurin, historian ja muodin kehto on yksi Euroopan vetovoimaisimmista keskuksista.","breadcrumb":{"@id":"https:\/\/upglobal.net\/ranska\/#breadcrumb"},"inLanguage":"fi","potentialAction":[{"@type":"ReadAction","target":["https:\/\/upglobal.net\/ranska\/"]}]},{"@type":"ImageObject","inLanguage":"fi","@id":"https:\/\/upglobal.net\/ranska\/#primaryimage","url":"https:\/\/upglobal.net\/wp-content\/uploads\/2024\/08\/vaihtooppilaaksi_ranska.jpg","contentUrl":"https:\/\/upglobal.net\/wp-content\/uploads\/2024\/08\/vaihtooppilaaksi_ranska.jpg","width":1200,"height":800},{"@type":"BreadcrumbList","@id":"https:\/\/upglobal.net\/ranska\/#breadcrumb","itemListElement":[{"@type":"ListItem","position":1,"name":"Home","item":"https:\/\/upglobal.net\/"},{"@type":"ListItem","position":2,"name":"Ranska"}]},{"@type":"WebSite","@id":"https:\/\/upglobal.net\/fi\/#website","url":"https:\/\/upglobal.net\/fi\/","name":"UP Global","description":"","publisher":{"@id":"https:\/\/upglobal.net\/fi\/#organization"},"potentialAction":[{"@type":"SearchAction","target":{"@type":"EntryPoint","urlTemplate":"https:\/\/upglobal.net\/fi\/?s={search_term_string}"},"query-input":{"@type":"PropertyValueSpecification","valueRequired":true,"valueName":"search_term_string"}}],"inLanguage":"fi"},{"@type":"Organization","@id":"https:\/\/upglobal.net\/fi\/#organization","name":"UP Global","url":"https:\/\/upglobal.net\/fi\/","logo":{"@type":"ImageObject","inLanguage":"fi","@id":"https:\/\/upglobal.net\/fi\/#\/schema\/logo\/image\/","url":"https:\/\/upglobal.net\/wp-content\/uploads\/2024\/03\/UP_logo_RGB_01_sinharmaa.svg","contentUrl":"https:\/\/upglobal.net\/wp-content\/uploads\/2024\/03\/UP_logo_RGB_01_sinharmaa.svg","caption":"UP Global"},"image":{"@id":"https:\/\/upglobal.net\/fi\/#\/schema\/logo\/image\/"}}]}},"_links":{"self":[{"href":"https:\/\/upglobal.net\/fi\/wp-json\/wp\/v2\/pages\/1058","targetHints":{"allow":["GET"]}}],"collection":[{"href":"https:\/\/upglobal.net\/fi\/wp-json\/wp\/v2\/pages"}],"about":[{"href":"https:\/\/upglobal.net\/fi\/wp-json\/wp\/v2\/types\/page"}],"author":[{"embeddable":true,"href":"https:\/\/upglobal.net\/fi\/wp-json\/wp\/v2\/users\/2"}],"replies":[{"embeddable":true,"href":"https:\/\/upglobal.net\/fi\/wp-json\/wp\/v2\/comments?post=1058"}],"version-history":[{"count":158,"href":"https:\/\/upglobal.net\/fi\/wp-json\/wp\/v2\/pages\/1058\/revisions"}],"predecessor-version":[{"id":14740,"href":"https:\/\/upglobal.net\/fi\/wp-json\/wp\/v2\/pages\/1058\/revisions\/14740"}],"wp:featuredmedia":[{"embeddable":true,"href":"https:\/\/upglobal.net\/fi\/wp-json\/wp\/v2\/media\/1409"}],"wp:attachment":[{"href":"https:\/\/upglobal.net\/fi\/wp-json\/wp\/v2\/media?parent=1058"}],"wp:term":[{"taxonomy":"category","embeddable":true,"href":"https:\/\/upglobal.net\/fi\/wp-json\/wp\/v2\/categories?post=1058"},{"taxonomy":"post_tag","embeddable":true,"href":"https:\/\/upglobal.net\/fi\/wp-json\/wp\/v2\/tags?post=1058"}],"curies":[{"name":"wp","href":"https:\/\/api.w.org\/{rel}","templated":true}]}}